{"id":21,"date":"2018-07-26T13:11:28","date_gmt":"2018-07-26T11:11:28","guid":{"rendered":"http:\/\/grainedevie.ovh\/?page_id=21"},"modified":"2025-10-21T11:43:24","modified_gmt":"2025-10-21T09:43:24","slug":"accueil","status":"publish","type":"page","link":"https:\/\/compagniegrainedevie.fr\/","title":{"rendered":"Agenda &#038; Pr\u00e9sentation de la Compagnie Graine de vie"},"content":{"rendered":"\n<p class=\"has-text-align-center\"><em><strong>CALENDRIER DE REPR\u00c9SENTATIONS<\/strong><\/em> <strong><em>2025-2026<\/em><\/strong><\/p>\n\n\n\n<p><mark style=\"background-color:rgba(0, 0, 0, 0)\" class=\"has-inline-color has-vivid-green-cyan-color\"><strong>HISTOIRES INVISIBLES<\/strong><\/mark><\/p>\n\n\n\n<div class=\"wp-block-group is-vertical is-layout-flex wp-container-core-group-is-layout-1 wp-block-group-is-layout-flex\">\n<p>PREMI\u00c8RES Fran\u00e7aises au <strong>Festival Mondial des Th\u00e9\u00e2tres de Marionnette<\/strong>,<strong> IN<\/strong>*<\/p>\n\n\n\n<p><mark style=\"background-color:rgba(0, 0, 0, 0)\" class=\"has-inline-color has-vivid-green-cyan-color\"><strong>22-23-24 Septembre 2025<\/strong><\/mark>   <\/p>\n\n\n\n<p>IN FMTM, Salle Delvincourt, <em>Charleville-M\u00e9zi\u00e8res (08)<\/em><\/p>\n\n\n\n<p>22 septembre \u00e0 21h30<\/p>\n\n\n\n<p>23 septembre \u00e0 9h30 et 17h<\/p>\n\n\n\n<p>24 septembre \u00e0 9h30 et 15h30<\/p>\n<\/div>\n\n\n\n<div class=\"wp-block-group is-vertical is-layout-flex wp-container-core-group-is-layout-2 wp-block-group-is-layout-flex\">\n<p><mark style=\"background-color:rgba(0, 0, 0, 0)\" class=\"has-inline-color has-vivid-green-cyan-color\"><strong>2 -3 octobre 2025<\/strong><\/mark>   <\/p>\n\n\n\n<p>Grand Parquet\/Th\u00e9\u00e2tre Paris-Villette, Grand Parquet, Paris (75)<\/p>\n\n\n\n<p>2 octobre \u00e0 14h30 et 19h<\/p>\n\n\n\n<p>3 octobre \u00e0 19h<\/p>\n<\/div>\n\n\n\n<div class=\"wp-block-group is-vertical is-layout-flex wp-container-core-group-is-layout-3 wp-block-group-is-layout-flex\">\n<p><mark style=\"background-color:rgba(0, 0, 0, 0)\" class=\"has-inline-color has-vivid-green-cyan-color\"><strong>11<\/strong><\/mark> <mark style=\"background-color:rgba(0, 0, 0, 0)\" class=\"has-inline-color has-vivid-green-cyan-color\"><strong>octobre 2025<\/strong><\/mark> <\/p>\n\n\n\n<p>(Entresorts avec les marionnettes du spectacle) <\/p>\n\n\n\n<p>Anniversaire de la Cie Caravane, Pierrefite-sur-Aire (55)<\/p>\n\n\n\n<p>11 octobre <\/p>\n<\/div>\n\n\n\n<div class=\"wp-block-group is-vertical is-layout-flex wp-container-core-group-is-layout-4 wp-block-group-is-layout-flex\">\n<p><mark style=\"background-color:rgba(0, 0, 0, 0)\" class=\"has-inline-color has-vivid-green-cyan-color\"><strong>14 octobre 2025<\/strong><\/mark> <\/p>\n\n\n\n<p>Festival Contes Givr\u00e9s &#8211; Association Antipodes &amp; Ville de Cluny, Th\u00e9\u00e2tre Les Arts, Cluny (71)<\/p>\n\n\n\n<p>14 octobre \u00e0 14h30 et 20h<\/p>\n<\/div>\n\n\n\n<div class=\"wp-block-group is-vertical is-layout-flex wp-container-core-group-is-layout-5 wp-block-group-is-layout-flex\">\n<p><mark style=\"background-color:rgba(0, 0, 0, 0)\" class=\"has-inline-color has-vivid-green-cyan-color\"><strong>16 octobre 2025<\/strong><\/mark><\/p>\n\n\n\n<p>ABC Dijon , Th\u00e9\u00e2tre des Feuillants, Dijon (21)<\/p>\n\n\n\n<p>16 octobre \u00e0 14h30 et 20h<\/p>\n\n\n\n<p><\/p>\n<\/div>\n\n\n\n<div class=\"wp-block-group is-vertical is-layout-flex wp-container-core-group-is-layout-7 wp-block-group-is-layout-flex\">\n<div class=\"wp-block-group is-vertical is-layout-flex wp-container-core-group-is-layout-6 wp-block-group-is-layout-flex\">\n<p class=\"has-text-align-right\">Une production de la Compagnie Graine de Vie &amp; Alliance Fran\u00e7aise Dhaka,<\/p>\n\n\n\n<p class=\"has-text-align-right\">Coproduit par le P\u00f4le International de la Marionnette \u2013 Jacques F\u00e9lix (FMTM)<\/p>\n<\/div>\n\n\n\n<p class=\"has-text-align-left\">et l\u2019Alliance fran\u00e7aise de Dhaka, avec le soutien de l\u2019institut fran\u00e7ais et de l\u2019ambassade de France \u00e0 Dhaka.<\/p>\n\n\n\n<p class=\"has-text-align-left\">Soutenu par la DRAC Bourgogne Franche-Comt\u00e9, la r\u00e9gion Bourgogne Franche-Comt\u00e9, et la ville de Besan\u00e7on.<\/p>\n<\/div>\n\n\n\n<p><\/p>\n\n\n<div class=\"wp-block-image\">\n<figure class=\"aligncenter size-full is-resized\"><img loading=\"lazy\" decoding=\"async\" width=\"250\" height=\"250\" src=\"http:\/\/compagniegrainedevie.fr\/wp-content\/uploads\/2018\/07\/cropped-logo-GDV-e1532602535481.jpg\" alt=\"\" class=\"wp-image-14\" style=\"width:156px;height:auto\" srcset=\"https:\/\/compagniegrainedevie.fr\/wp-content\/uploads\/2018\/07\/cropped-logo-GDV-e1532602535481.jpg 250w, https:\/\/compagniegrainedevie.fr\/wp-content\/uploads\/2018\/07\/cropped-logo-GDV-e1532602535481-150x150.jpg 150w, https:\/\/compagniegrainedevie.fr\/wp-content\/uploads\/2018\/07\/cropped-logo-GDV-e1532602535481-100x100.jpg 100w\" sizes=\"(max-width: 250px) 100vw, 250px\" \/><\/figure><\/div>\n\n\n<p style=\"line-height:1.6\"><strong><span class=\"has-inline-color has-vivid-purple-color\"><em>La Langue des Cygnes<\/em><\/span> tourn\u00e9e 26-27 en cours de montage.<\/strong> France et Allemagne<\/p>\n\n\n\n<p><\/p>\n\n\n\n<p><\/p>\n\n\n\n<p><\/p>\n\n\n\n<p><\/p>\n\n\n\n<p class=\"has-text-align-center\"><strong>Pr\u00e9sentation de la Compagnie Graine de vie<br><em>Corps et marionnettes<\/em><\/strong><\/p>\n\n\n\n<p>La Compagnie Graine de Vie, a \u00e9t\u00e9 fond\u00e9e en 1997 \u00e0 Besan\u00e7on autour du travail de Laurie Cannac, marionnettiste soliste, afin de promouvoir un th\u00e9\u00e2tre de marionnette exigeant \u00e0 la rencontre de tous les publics.<\/p>\n\n\n\n<p>Privil\u00e9giant l&rsquo;\u00e9motion et la multiplicit\u00e9 des niveaux de lecture, les r\u00e9alisations de la compagnie, pour la rue et pour la salle, \u00e9clectiques et innovantes dans leurs techniques, ont en commun une recherche du rapport de la marionnette au corps du com\u00e9dien, l&rsquo;exploration de sa puissance animiste, et un savant dosage d&rsquo;humour et de po\u00e9sie.<\/p>\n\n\n\n<p>Elle s&rsquo;ouvre d\u00e9sormais \u00e0 une pluridisciplinarit\u00e9 alliant la marionnette de corps \u00e0 la danse.<\/p>\n\n\n\n<!--more-->\n\n\n\n<p>Les premiers spectacles de la compagnie&nbsp;:<strong> <em>L&rsquo;Homme de la Manche<\/em><\/strong>, inspir\u00e9 du Don Quichotte de Cervant\u00e8s et <strong><em>Petits r\u00eaves faits main<\/em><\/strong>, inspir\u00e9e de la question La frugalit\u00e9 est-elle une notion subversive&nbsp;?&nbsp; tournent pendant plus de dix ans au niveau national et international.<\/p>\n\n\n\n<p>En 2009, <strong><em>Faim de loup<\/em><\/strong>, puis <strong><em>Queue de Poissonne<\/em><\/strong> en 2013 marquent une rencontre passionnante avec Ilka Sch\u00f6nbein, mais aussi avec le jeune public. Notre recherche de diff\u00e9rents niveaux de lecture trouve tout son sens avec les diff\u00e9rentes classes d&rsquo;\u00e2ge et le \u00ab tout public \u00e0 partir de \u00bb. Les rencontres apr\u00e8s spectacle nourrissent son travail en coh\u00e9rence avec l&rsquo;essence de la marionnette : parler \u00e0 l&rsquo;adulte qui se construit dans l&rsquo;enfant et \u00e0 l&rsquo;enfant qui sommeille dans l&rsquo;adulte.<\/p>\n\n\n\n<p>Laurie Cannac d\u00e9cide en 2017 de se mettre elle-m\u00eame en sc\u00e8ne dans <strong><em>Blanche Eb\u00e8ne<\/em><\/strong>, en cherchant la puissance de la femme dans les traditions celtiques. L&rsquo;inspiration du rituel l&rsquo;am\u00e8ne \u00e0 cr\u00e9er deux formes de ce spectacle&nbsp;: l&rsquo;une pour la rue et l&rsquo;autre pour la salle.<\/p>\n\n\n\n<p>En 2020, Laurie Cannac et Ilka Sch\u00f6nbein collaborent autour de <strong><em>JeveuxJeveuxJeveux<\/em><\/strong>. Cette forme itin\u00e9rante convoque la po\u00e9sie pour parler d&rsquo;anthropoc\u00e8ne aus enfants et prolonge la rencontre-spectacle par des d\u00e9bats avec le public et la r\u00e9alisation d&rsquo;une \u0153uvre collective.<\/p>\n\n\n\n<p>En 2021, Ilka Sch\u00f6nbein cr\u00e9e au sein de la compagnie graine de vie <strong><em>Voyage Chim\u00e8re<\/em><\/strong>, un cabaret post-mortem, inspir\u00e9 des Musiciens de Br\u00eame au sein de la compagnie, dont les premi\u00e8res auront lieu lors du Festival Mondial des Th\u00e9\u00e2tres de Marionnette \u00e0 Charleville-M\u00e9zi\u00e8res.<\/p>\n\n\n\n<p>Parall\u00e8lement, Laurie Cannac m\u00e8ne une recherche fondamentale intitul\u00e9e <strong><em>\u00ab&nbsp;Abstraire la marionnette du figuratif en la confrontant au processus du mouvement en danse&nbsp;\u00bb<\/em><\/strong>, gr\u00e2ce au soutien des 2 sc\u00e8nes et \u00e0 de nombreux th\u00e9\u00e2tres et festivals de marionnettes (FMTM, Mima, Marionnettissimo, Le Mouffetard&#8230;) avec le danseur Andy Scott Ngoua avec qui elle fait \u00e9quipe pour la cr\u00e9ation 2023 <strong><em>La Langue des Cygnes <\/em><\/strong>d&rsquo;apr\u00e8s Le Vilain Petit Canard d&rsquo;Andersen.<\/p>\n\n\n\n<p>De 2019 \u00e0 2021, Laurie Cannac est artiste associ\u00e9e en r\u00e9sidence \u00ab\u00a0Marionnettes\u00a0\u00bb avec Les&nbsp; 2 Sc\u00e8nes &#8211; Sc\u00e8ne nationale de Besan\u00e7on&nbsp;et La Minoterie &#8211; Sc\u00e8ne conventionn\u00e9e Art Enfance Jeunesse. De 2021 \u00e0 2023, la compagnie est conventionn\u00e9e par la DRAC Bourgogne-Franche-Comt\u00e9.<\/p>\n\n\n\n<p><\/p>\n\n\n\n<p>D\u00e9couvrez ici <a href=\"http:\/\/grainedevie.ovh\/?page_id=22\">Laurie Cannac<\/a>,&nbsp;<a href=\"http:\/\/grainedevie.ovh\/?page_id=2\">les spectacles de la compagnie<\/a>,&nbsp;<a href=\"http:\/\/grainedevie.ovh\/?page_id=47\">t\u00e9l\u00e9chargez les documents,<\/a><\/p>\n","protected":false},"excerpt":{"rendered":"<p>CALENDRIER DE REPR\u00c9SENTATIONS 2025-2026 HISTOIRES INVISIBLES PREMI\u00c8RES Fran\u00e7aises au Festival Mondial des Th\u00e9\u00e2tres de Marionnette, IN* 22-23-24 Septembre 2025 IN FMTM, Salle Delvincourt, Charleville-M\u00e9zi\u00e8res (08) 22 septembre \u00e0 21h30 23 septembre \u00e0 9h30 et 17h 24 septembre \u00e0 9h30 et 15h30 2 -3 octobre 2025 Grand Parquet\/Th\u00e9\u00e2tre Paris-Villette, Grand Parquet, Paris (75) 2 octobre \u00e0 &hellip; <\/p>\n<p class=\"link-more\"><a href=\"https:\/\/compagniegrainedevie.fr\/\" class=\"more-link\">Continuer la lecture<span class=\"screen-reader-text\"> de &laquo;&nbsp;Agenda &#038; Pr\u00e9sentation de la Compagnie Graine de vie&nbsp;&raquo;<\/span><\/a><\/p>\n","protected":false},"author":1,"featured_media":711,"parent":0,"menu_order":0,"comment_status":"closed","ping_status":"closed","template":"","meta":{"footnotes":""},"_links":{"self":[{"href":"https:\/\/compagniegrainedevie.fr\/index.php?rest_route=\/wp\/v2\/pages\/21"}],"collection":[{"href":"https:\/\/compagniegrainedevie.fr\/index.php?rest_route=\/wp\/v2\/pages"}],"about":[{"href":"https:\/\/compagniegrainedevie.fr\/index.php?rest_route=\/wp\/v2\/types\/page"}],"author":[{"embeddable":true,"href":"https:\/\/compagniegrainedevie.fr\/index.php?rest_route=\/wp\/v2\/users\/1"}],"replies":[{"embeddable":true,"href":"https:\/\/compagniegrainedevie.fr\/index.php?rest_route=%2Fwp%2Fv2%2Fcomments&post=21"}],"version-history":[{"count":50,"href":"https:\/\/compagniegrainedevie.fr\/index.php?rest_route=\/wp\/v2\/pages\/21\/revisions"}],"predecessor-version":[{"id":880,"href":"https:\/\/compagniegrainedevie.fr\/index.php?rest_route=\/wp\/v2\/pages\/21\/revisions\/880"}],"wp:featuredmedia":[{"embeddable":true,"href":"https:\/\/compagniegrainedevie.fr\/index.php?rest_route=\/wp\/v2\/media\/711"}],"wp:attachment":[{"href":"https:\/\/compagniegrainedevie.fr\/index.php?rest_route=%2Fwp%2Fv2%2Fmedia&parent=21"}],"curies":[{"name":"wp","href":"https:\/\/api.w.org\/{rel}","templated":true}]}}