{"id":291,"date":"2021-07-10T17:23:58","date_gmt":"2021-07-10T15:23:58","guid":{"rendered":"http:\/\/compagniegrainedevie.fr\/?page_id=291"},"modified":"2025-03-29T12:57:29","modified_gmt":"2025-03-29T11:57:29","slug":"langue-des-cygnes","status":"publish","type":"page","link":"https:\/\/compagniegrainedevie.fr\/?page_id=291","title":{"rendered":"La Langue des Cygnes &#8211; En Salle &#8211; En Tourn\u00e9e"},"content":{"rendered":"\n<p class=\"has-text-align-center\">\u00ab\u00a0<strong><em>La Langue des Cygnes<\/em><\/strong>\u00a0\u00bb (<em>Cr\u00e9ation 2023<\/em>)<\/p>\n\n\n\n<p class=\"has-text-align-center wp-embed-aspect-16-9 wp-has-aspect-ratio\" style=\"line-height:0\"><\/p>\n\n\n\n<figure class=\"wp-block-image size-large is-style-rounded\"><img loading=\"lazy\" decoding=\"async\" width=\"1024\" height=\"683\" src=\"http:\/\/compagniegrainedevie.fr\/wp-content\/uploads\/2023\/02\/La-langue-des-cygnes-Yves-Petit-Danse-Lac-Ombre-oiseau-sol-1-1024x683.jpg\" alt=\"\" class=\"wp-image-643\" srcset=\"https:\/\/compagniegrainedevie.fr\/wp-content\/uploads\/2023\/02\/La-langue-des-cygnes-Yves-Petit-Danse-Lac-Ombre-oiseau-sol-1-1024x683.jpg 1024w, https:\/\/compagniegrainedevie.fr\/wp-content\/uploads\/2023\/02\/La-langue-des-cygnes-Yves-Petit-Danse-Lac-Ombre-oiseau-sol-1-300x200.jpg 300w, https:\/\/compagniegrainedevie.fr\/wp-content\/uploads\/2023\/02\/La-langue-des-cygnes-Yves-Petit-Danse-Lac-Ombre-oiseau-sol-1-768x512.jpg 768w, https:\/\/compagniegrainedevie.fr\/wp-content\/uploads\/2023\/02\/La-langue-des-cygnes-Yves-Petit-Danse-Lac-Ombre-oiseau-sol-1-1536x1024.jpg 1536w, https:\/\/compagniegrainedevie.fr\/wp-content\/uploads\/2023\/02\/La-langue-des-cygnes-Yves-Petit-Danse-Lac-Ombre-oiseau-sol-1-2048x1365.jpg 2048w\" sizes=\"(max-width: 767px) 89vw, (max-width: 1000px) 54vw, (max-width: 1071px) 543px, 580px\" \/><figcaption class=\"wp-element-caption\">Photo Yves Petit<\/figcaption><\/figure>\n\n\n\n<p>Spectacle de haute vol\u00e9e !<\/p>\n\n\n\n<p>Un danseur et une marionnettiste fusionnent leurs arts pour raconter, presque sans mots leur propre histoire, celle de leurs doutes de vilains petits canards m\u00e9tamorphos\u00e9s en r\u00eaves de cygnes. A tire d&rsquo;aile. Leur envol a soulev\u00e9 de terre d&rsquo;autres inspirations : celles d&rsquo;une conteuse sourde, d un musicien, d\u2019un cin\u00e9aste\u2026 Presque seul sur sc\u00e8ne, Andy Scott Ngoua danse avec leurs pr\u00e9sences volatiles sous forme d&rsquo;images projet\u00e9es, de d\u00e9cor mouvant, de marionnettes&nbsp;de corps et de musique. Avec la marionnettiste Laurie Cannac, ils pr\u00e9sentent ici une interpr\u00e9tation onirique du conte d&rsquo;Andersen, avec inventivit\u00e9, passion et po\u00e9sie.<\/p>\n\n\n\n<p><\/p>\n\n\n\n<figure class=\"wp-block-embed is-type-video is-provider-youtube wp-block-embed-youtube wp-embed-aspect-16-9 wp-has-aspect-ratio\"><div class=\"wp-block-embed__wrapper\">\n<iframe loading=\"lazy\" title=\"Teaser - LA LANGUE DES CYGNES - Cr\u00e9ation 2023 Compagnie Graine de Vie\" width=\"525\" height=\"295\" src=\"https:\/\/www.youtube.com\/embed\/06lLt8QIAqo?feature=oembed\" frameborder=\"0\" allow=\"accelerometer; autoplay; clipboard-write; encrypted-media; gyroscope; picture-in-picture; web-share\" referrerpolicy=\"strict-origin-when-cross-origin\" allowfullscreen><\/iframe>\n<\/div><figcaption class=\"wp-element-caption\">TEASER-Langue des Cygnes de Fabien Guillermont.<\/figcaption><\/figure>\n\n\n\n<p>\u200c<\/p>\n\n\n\n<p>Laurie Cannac directrice artistique, a pr\u00e9alablement adapt\u00e9 deux spectacles Faim de Loup et JeVeuxJeVeuxJeVeux en y int\u00e9grant une com\u00e9dienne signante. Elle avait envie d&rsquo;aller plus loins.<\/p>\n\n\n\n<p>Pour \u00a0\u00bbLa Langue des Cygnes\u00a0\u00bb, le spectacle est directement \u00e9crit en Langue des Signes Fran\u00e7aise, avec une \u00e9quipe d&rsquo;artistes sourds en collaboration avec la direction artistique. Une attention particuli\u00e8re a \u00e9t\u00e9 donn\u00e9e \u00e0 la qualit\u00e9 et la richesse de la langue des signes pour les sourds signant et tout autant \u00e0 ce qu&rsquo;elle \u00e9voque en terme d&rsquo;\u00e9motion et de sens.<strong> <\/strong>Il s&rsquo;agit d&rsquo;une double \u00e9criture. Une partie est sign\u00e9e par la com\u00e9dienne sourde -projet\u00e9e- Karine Feuillebois, qui joue le r\u00f4le de la m\u00e8re du vilain petit Canard, et une partie est int\u00e9gr\u00e9e \u00e0 la danse d&rsquo;Andy Scott Ngoua, chor\u00e9graphe et danseur gabonais, qui interpr\u00e8te le r\u00f4le principal du Vilain petit Canard.<\/p>\n\n\n\n<p>Ce spectacle est une collaboration entre Laurie Cannac marionnettiste de Corps et Andy Scott Ngoua Chor\u00e9graphe. Avant de se lancer dans cette aventure, les deux artistes ont men\u00e9 pr\u00e9alablement une recherche fondamentale pour trouver la fusion entre leurs deux arts. Au cours de laquelle ils ont d&rsquo;ailleur rencontr\u00e9 Adri Sergent, musicien multiinstrumentiste, qui accompagne le spectacle en musique Live.<\/p>\n\n\n\n<p>\u00a0\u00bbLa Langue des Cygnes\u00a0\u00bb est librement inspir\u00e9 du conte du Vilain Petit Canard d&rsquo;Andersen. Ce n&rsquo;est pas le c\u00f4t\u00e9 mis\u00e9rabiliste de l&rsquo;exclu, mais la fa\u00e7on dont les \u00e9preuves lui apporte la force et le construisent, l&rsquo;am\u00e8ne \u00e0 se trouver lui-m\u00eame, qui a int\u00e9ress\u00e9 Andy et Laurie.<\/p>\n\n\n\n<p>Tous les langages visuels sont \u00e9quilibr\u00e9s, presque sans mots, pour que chacun puisse se raconter sa propre histoire, de son propre vilain petit canard.<\/p>\n\n\n\n<figure class=\"wp-block-embed is-type-video is-provider-youtube wp-block-embed-youtube wp-embed-aspect-16-9 wp-has-aspect-ratio\"><div class=\"wp-block-embed__wrapper\">\n<iframe loading=\"lazy\" title=\"La langue des Cygnes, cr\u00e9ation 2023  de la Cie Graine de Vie\" width=\"525\" height=\"295\" src=\"https:\/\/www.youtube.com\/embed\/rpUhXMf2hdg?feature=oembed\" frameborder=\"0\" allow=\"accelerometer; autoplay; clipboard-write; encrypted-media; gyroscope; picture-in-picture; web-share\" referrerpolicy=\"strict-origin-when-cross-origin\" allowfullscreen><\/iframe>\n<\/div><\/figure>\n\n\n\n<p class=\"has-text-align-center\"><\/p>\n\n\n\n<p><\/p>\n\n\n\n<p class=\"has-text-align-center\"><strong><mark style=\"background-color:rgba(0, 0, 0, 0)\" class=\"has-inline-color has-light-green-cyan-color\">Saison 2026- 2027 en cours de montage, France-Allemagne<\/mark><\/strong><\/p>\n\n\n\n<p class=\"has-text-align-center\"> <span class=\"has-inline-color has-vivid-purple-color\"><strong><em>Saison 2024-2025<\/em><\/strong> <\/span><\/p>\n\n\n\n<p class=\"has-text-align-left\" style=\"line-height:1.2\"><span class=\"has-inline-color has-vivid-purple-color\"><strong><em>12 et 13 sept. 2024<\/em><\/strong>  <\/span><strong>Festival International des Marionnettes de P\u00e9kin  <\/strong>                                                                      <strong>                                                                                            &#8211;                                            BIPF             -Beijing International Puppet Festival<\/strong>&#8211; <strong><em>CHINA.<\/em><\/strong><\/p>\n\n\n\n<p style=\"line-height:0.7\"> <span class=\"has-inline-color has-vivid-purple-color\">Samedi <strong><em>12, <\/em><\/strong><em>lundi <\/em><strong><em>14 et <\/em><\/strong><em>mardi <\/em><strong><em>15 Oct. 2024<\/em><\/strong> <\/span> <strong>Salle des Fetes de Nanterre<\/strong>, \u00e0 Nanterre (92) <\/p>\n\n\n\n<p style=\"line-height:0.7\"><\/p>\n\n\n\n<p style=\"line-height:0.7\"><span class=\"has-inline-color has-vivid-purple-color\"><em>Dimanche <\/em><strong><em>1er D\u00e9c. 2024<\/em><\/strong> <\/span> <strong>Espace Charle Vanel, \u00e0 Lagny-sur-Marnes<\/strong> (77)<\/p>\n\n\n\n<p style=\"line-height:0.7\"><\/p>\n\n\n\n<p style=\"line-height:0.7\"><em><span class=\"has-inline-color has-vivid-purple-color\">jeudi<\/span><\/em><strong><span class=\"has-inline-color has-vivid-purple-color\"><em> 9, <\/em><\/span><\/strong><em><span class=\"has-inline-color has-vivid-purple-color\">vendredi<\/span><\/em><strong><span class=\"has-inline-color has-vivid-purple-color\"><em> 10, <\/em><\/span><\/strong><em><span class=\"has-inline-color has-vivid-purple-color\">samedi<\/span><\/em><strong><span class=\"has-inline-color has-vivid-purple-color\"><em> 11 janvier 202<\/em>5<\/span><\/strong>  <strong>Cit\u00e9 de la Musique<\/strong>, <strong>Salle BAM <\/strong>\u00e0 Metz (57)<\/p>\n\n\n\n<p style=\"line-height:0.7\"><\/p>\n\n\n\n<p style=\"line-height:0.7\"> <em><span class=\"has-inline-color has-vivid-purple-color\">mardi<\/span><\/em><strong><span class=\"has-inline-color has-vivid-purple-color\"><em> 14, <\/em><\/span><\/strong><em><span class=\"has-inline-color has-vivid-purple-color\">mercredi<\/span><\/em><strong><span class=\"has-inline-color has-vivid-purple-color\"><em> 15 janvier 202<\/em><\/span><\/strong>5 <strong>Th\u00e9\u00e2tre Gaston Bernard<\/strong> \u00e0 Chatillon-sur-Seine  (21) <\/p>\n\n\n\n<p style=\"line-height:0.7\"><\/p>\n\n\n\n<p style=\"line-height:0.7\"> <em><span class=\"has-inline-color has-vivid-purple-color\">mardi<\/span><\/em><strong><span class=\"has-inline-color has-vivid-purple-color\"><em> 21 janvier 202<\/em>5<\/span><\/strong>   <strong>Salle Europe<\/strong> \u00e0 Colmar (68)<\/p>\n\n\n\n<p style=\"line-height:0.7\"><\/p>\n\n\n\n<p style=\"line-height:0.7\"> <em><span class=\"has-inline-color has-vivid-purple-color\">vendredi<\/span><\/em><strong><span class=\"has-inline-color has-vivid-purple-color\"><em> 24 <\/em><\/span><\/strong><span class=\"has-inline-color has-vivid-purple-color\"><em>et samedi<\/em><\/span><strong><span class=\"has-inline-color has-vivid-purple-color\"><em> 25 janvier 202<\/em>5<\/span><\/strong>   <strong>Espace Mend\u00e8s<\/strong>, \u00e0 Quetigny (21)<\/p>\n\n\n\n<p style=\"line-height:0.7\"><\/p>\n\n\n\n<p style=\"line-height:0\"> <span class=\"has-inline-color has-vivid-purple-color\"><em>mercredi<\/em><\/span><strong><span class=\"has-inline-color has-vivid-purple-color\"><em> 5 f\u00e9vrier 202<\/em>5<\/span><\/strong>  <strong>Au Minotaur<\/strong>, Vend\u00f4me (41)<\/p>\n\n\n\n<p style=\"line-height:0\">                                                        Au Festival Avec ou Sans Fil de l&rsquo;Hect&rsquo;Are CNMa<\/p>\n\n\n\n<p style=\"line-height:0.7\"><\/p>\n\n\n\n<p style=\"line-height:0\"><span class=\"has-inline-color has-vivid-purple-color\"><em>jeudi<\/em><\/span><strong><span class=\"has-inline-color has-vivid-purple-color\"><em> 20 et  <span class=\"has-inline-color has-vivid-purple-color\"><em>vendredi<\/em><\/span><strong><span class=\"has-inline-color has-vivid-purple-color\"><em> 2<\/em><\/span><\/strong>1 f\u00e9vrier 202<\/em>5<\/span><\/strong>  Au Mont de Marsan (40)<\/p>\n\n\n\n<p style=\"line-height:0\">                                                         Programmation de la ligue de l&rsquo;enseignement des Landes.<\/p>\n\n\n\n<p style=\"line-height:0.7\"><\/p>\n\n\n\n<p style=\"line-height:0.7\"><span class=\"has-inline-color has-vivid-purple-color\"><\/span><span class=\"has-inline-color has-vivid-purple-color\"><em>mardi<\/em><\/span><strong><span class=\"has-inline-color has-vivid-purple-color\"><em> 11 mars 202<\/em>5<\/span><\/strong> <strong>Th\u00e9atre Edwige Feuill\u00e8re<\/strong>, \u00e0 Vesoul (70)<\/p>\n\n\n\n<p style=\"line-height:0.7\"><\/p>\n\n\n\n<p style=\"line-height:0\"><\/p>\n\n\n\n<p style=\"line-height:0.7\"><\/p>\n\n\n\n<p class=\"has-text-align-center\"><strong><em><span class=\"has-inline-color has-vivid-purple-color\">Saison 2023-2024<\/span><\/em><\/strong><\/p>\n\n\n\n<p><span class=\"has-inline-color has-vivid-purple-color\"><strong>Samedi 23 et Dimanche 24 septembre 2023<\/strong><\/span>. <strong><a href=\"https:\/\/festival-marionnette.com\/en\/evenements\/la-langue-des-cygnes\/\">Festival Mondial des Th\u00e9\u00e2tres de Marionnettes de Charleville-M\u00e9zi\u00e8res<\/a> <\/strong>(08) &#8211;<em>Salle Arthur- (Pastille 11).<\/em><\/p>\n\n\n\n<p><strong><span class=\"has-inline-color has-vivid-purple-color\">Mardi 17 octobre 2023<\/span><\/strong>. <strong><em><a href=\"https:\/\/agora-asso.com\/la-langue-des-cygnes\/\">Festival Contes Givr\u00e9s<\/a> <\/em><\/strong>\u00e0 <em>l\u2019<strong>Espace Culturel Louis Aragon <\/strong>(ECLA), \u00e0 Saint-Vallier<\/em> (71). &nbsp;&nbsp;&nbsp;&nbsp;&nbsp;&nbsp;<\/p>\n\n\n\n<p><strong><span class=\"has-inline-color has-vivid-purple-color\">Jeudi 9 et Vendredi 10 novembre<\/span><\/strong> <strong><span class=\"has-inline-color has-vivid-purple-color\">2023<\/span><\/strong>. <strong><a href=\"https:\/\/www.scenesdujura.com\/la-langue-des-cygnes-danse-musique-marionnette-laurie-cannac-andy-scott-ngoua,spectacle-334.htm\">Les Sc\u00e8nes du Jura<\/a>, <\/strong>au <em> Th\u00e9\u00e2tre de Lons-le-Saunier<\/em> (39).<\/p>\n\n\n\n<p><span class=\"has-inline-color has-vivid-purple-color\"><strong>Vendredi 8, samedi 9 et lundi 11 d\u00e9cembre 2023<\/strong><\/span>. <strong><a href=\"https:\/\/www.operadeparis.fr\/saison-23-24\/jeune-public\/la-langue-des-cygnes\">L&rsquo;Op\u00e9ra de Paris<\/a><\/strong>, <em>\u00e0<\/em> <em>l&rsquo; <\/em>Op\u00e9ra Bastille (75).<\/p>\n\n\n\n<p><span class=\"has-inline-color has-vivid-purple-color\"><strong>Mercredi 21 et jeudi 22 f\u00e9vrier 2024<\/strong><\/span>. <strong><a href=\"https:\/\/billetterie.abcdijon.org\/spectacle?id_spectacle=918&amp;lng=1\">Festival A Pas Cont\u00e9s<\/a> <\/strong>\u00e0 <strong><a href=\"https:\/\/www.laminoterie-jeunepublic.fr\/evenement\/la-langue-des-cygnes-1\">la Minoterie<\/a>, <\/strong><em>Salle Rose<\/em><strong>, <\/strong>\u00e0 Dijon (21).<\/p>\n\n\n\n<p><strong><span class=\"has-inline-color has-vivid-purple-color\">Du 21 au 26 mars 2024<\/span><\/strong>. <strong><a href=\"https:\/\/www.kultura-paysbasque.fr\/spectacle\/la-langue-des-cygnes\">Communaut\u00e9 d&rsquo;Agglom\u00e9ration Pays Basque<\/a><\/strong> (64).<\/p>\n\n\n\n<p><strong><span class=\"has-inline-color has-vivid-purple-color\">Jeudi 28 mars 2024<\/span><\/strong>. <a href=\"https:\/\/agora-asso.com\/la-langue-des-cygnes\/\"><strong>L&rsquo;Agora<\/strong> <\/a>, Th\u00e9\u00e2tre <em>Saragosse, Pau<\/em> (64).<\/p>\n\n\n\n<p class=\"has-text-align-center\"><strong><em>Premi\u00e8re<\/em>s<\/strong><\/p>\n\n\n\n<p class=\"has-text-align-left\"><strong>Premi\u00e8res <span class=\"has-inline-color has-vivid-purple-color\">du 9 au 22 mars 2023<\/span> au&nbsp;<a href=\"http:\/\/lemouffetard.com\/spectacle\/la-langue-des-cygnes\"> Mouffetard, Th\u00e9\u00e2tre des arts de la marionnette \u00e0 Paris<\/a>, en collaboration avec l&rsquo;International Visual Theater.<\/strong><\/p>\n\n\n\n<p><\/p>\n\n\n\n<p><a><strong>Une production de la Compagnie Graine de Vie coproduite par: <\/strong><\/a>Le Mouffetard &#8211; Centre national de la Marionnette, Les Sc\u00e8nes du Jura &#8211; Sc\u00e8ne nationale, Communaut\u00e9 d\u2019Agglom\u00e9ration Pays Basque&nbsp;, L&rsquo;Agora, Association culturelle &#8211; Bill\u00e8re. Et soutenue dans le cadre du dispositif jeune public \u00abCollectif Instant\u2019T&nbsp;\u00bb.<\/p>\n\n\n\n<p><strong>avec le soutien de : <\/strong>la Direction R\u00e9gionale des Affaires Culturelles Bourgogne-Franche-Comt\u00e9, la R\u00e9gion Bourgogne-Franche-Comt\u00e9, le Conseil D\u00e9partement du Doubs, la Ville de Besan\u00e7on.<\/p>\n\n\n\n<p><strong>et le soutien \u00e0 la r\u00e9sidence de: <\/strong>La Minoterie-P\u00f4le de cr\u00e9ation jeune public et d\u2019\u00e9ducation artistique \u2013 Dijon(21), Le Lieu, soutenu par la Cie Florence Lavaud &#8211; Chantier Th\u00e9\u00e2tre, Le Strapontin, sc\u00e8ne de territoire de Bretagne pour les arts du r\u00e9cit&nbsp;, Th\u00e9\u00e2tre Halle Roublot, le Th\u00e9\u00e2tre des 4 Saisons &#8211; Sc\u00e8ne Conventionn\u00e9e d&rsquo;int\u00e9r\u00eat national \u00ab Art et Cr\u00e9ation \u00bb de la Ville de Gradignan, l\u2019ECLA, Saint-Vallier (71) ,L&rsquo;Artdam en Bourgogne Franche-Comt\u00e9, et le D\u00e9partement du Doubs, Mi-Sc\u00e8ne.<\/p>\n\n\n\n<p>Ce spectacle a b\u00e9n\u00e9fici\u00e9 d\u2019un accompagnement artistique et linguistique \u00e0 la cr\u00e9ation de la part d\u2019IVT \u2013 International Visual Theatre&nbsp;\u00bb.<\/p>\n\n\n\n<p><\/p>\n\n\n\n<p class=\"has-text-align-center\"><em><strong>DISTRIBUTION :<\/strong><\/em><\/p>\n\n\n\n<p class=\"has-text-align-center\">Une Collaboration de&nbsp;:<\/p>\n\n\n\n<p class=\"has-text-align-center\"><strong>Laurie Cannac <\/strong>Mise en sc\u00e8ne et marionnettes<\/p>\n\n\n\n<p class=\"has-text-align-center\">et<strong><\/strong><\/p>\n\n\n\n<p class=\"has-text-align-center\"><strong>Andy Scott Ngoua<\/strong> Chor\u00e9graphie et Interpr\u00e9tation<\/p>\n\n\n\n<p><\/p>\n\n\n\n<p class=\"has-text-align-center\">Musique originale live:<\/p>\n\n\n\n<p class=\"has-text-align-center\">&nbsp;<strong>Adri Sergent<\/strong><\/p>\n\n\n\n<p class=\"has-text-align-center\"><em><span class=\"has-inline-color has-cyan-bluish-gray-color\">-A plusieurs cordes \u00e0 son art-<\/span><\/em><\/p>\n\n\n\n<p class=\"has-text-align-center\">\u00c9criture et interpr\u00e9tation Slam et Rap:<\/p>\n\n\n\n<p class=\"has-text-align-center\"><strong>K\u00f4ba Building<\/strong><\/p>\n\n\n\n<p class=\"has-text-align-center\"><span class=\"has-inline-color has-cyan-bluish-gray-color\">-Sans Blingbling-<\/span><\/p>\n\n\n\n<p class=\"has-text-align-center\">Cr\u00e9ation lumi\u00e8re et r\u00e9gie<\/p>\n\n\n\n<p class=\"has-text-align-center\"><strong>S\u00e9bastien Choriol<\/strong><\/p>\n\n\n\n<p class=\"has-text-align-center\"><em><span class=\"has-inline-color has-cyan-bluish-gray-color\">-Au jeu d\u2019ombre et de lumi\u00e8res de PAR en PAR-<\/span><\/em><\/p>\n\n\n\n<p class=\"has-text-align-center\">Jeu en langue des signes fran\u00e7aise projet\u00e9<\/p>\n\n\n\n<p class=\"has-text-align-center\"><strong>Karine Feuillebois<\/strong><\/p>\n\n\n\n<p class=\"has-text-align-center\"><em><span class=\"has-inline-color has-cyan-bluish-gray-color\">-Cr\u00e8ve l\u2019\u00e9cran-<\/span><\/em><\/p>\n\n\n\n<p class=\"has-text-align-center\">Co-\u00e9criture du texte <span class=\"has-inline-color has-cyan-bluish-gray-color\">-\u00e0 la main-<\/span> en langue des signes fran\u00e7aise<\/p>\n\n\n\n<p class=\"has-text-align-center\"><strong>Igor Casas<\/strong><\/p>\n\n\n\n<p class=\"has-text-align-center\">Collaboration \u00e0 l&rsquo;\u00e9criture LSF et direction d\u2019acteur<\/p>\n\n\n\n<p class=\"has-text-align-center\"><strong>Simon Attia<\/strong><\/p>\n\n\n\n<p class=\"has-text-align-center\"><span class=\"has-inline-color has-cyan-bluish-gray-color\">-Le rythme au bout des doigts-<\/span><\/p>\n\n\n\n<p class=\"has-text-align-center\">Vid\u00e9o<\/p>\n\n\n\n<p class=\"has-text-align-center\"><strong>Fabien Guillermont<\/strong><\/p>\n\n\n\n<p class=\"has-text-align-center\"><span class=\"has-inline-color has-cyan-bluish-gray-color\">-Angle de Vue<\/span> <span class=\"has-inline-color has-cyan-bluish-gray-color\">Hors Cadre-<\/span><\/p>\n\n\n\n<p class=\"has-text-align-center\">Costumi\u00e8res<\/p>\n\n\n\n<p class=\"has-text-align-center\"><strong>Manon Surat<\/strong><span class=\"has-inline-color has-cyan-bluish-gray-color\"> -aux \u00e9pingles et de fil en aiguille- <\/span><strong>Nelle Bosson<\/strong><\/p>\n\n\n\n<p class=\"has-text-align-center\">Aide \u00e0 la construction<\/p>\n\n\n\n<p class=\"has-text-align-center\"><strong>Irene Lentini<\/strong><\/p>\n\n\n\n<p class=\"has-text-align-center\"><em><span class=\"has-inline-color has-cyan-bluish-gray-color\">-En soutien Marionnettique-<\/span><\/em><\/p>\n\n\n\n<p class=\"has-text-align-center\">Son<\/p>\n\n\n\n<p class=\"has-text-align-center\"><strong>Francois Olivier<\/strong><\/p>\n\n\n\n<p class=\"has-text-align-center\"><em><span class=\"has-inline-color has-cyan-bluish-gray-color\">-Nous a pr\u00eat\u00e9 son \u00e9qualis\u2019oreille-<\/span><\/em><\/p>\n\n\n\n<p>DOSSIER:<\/p>\n\n\n\n<div data-wp-interactive=\"core\/file\" class=\"wp-block-file\"><object data-wp-bind--hidden=\"!state.hasPdfPreview\"  class=\"wp-block-file__embed\" data=\"http:\/\/compagniegrainedevie.fr\/wp-content\/uploads\/2023\/07\/La-Langue-des-Cygnes-Cie-Graine-de-Vie-2023.pdf\" type=\"application\/pdf\" style=\"width:100%;height:600px\" aria-label=\"Contenu embarqu\u00e9 La-Langue-des-Cygnes-Cie-Graine-de-Vie-2023.\"><\/object><a href=\"http:\/\/compagniegrainedevie.fr\/wp-content\/uploads\/2023\/07\/La-Langue-des-Cygnes-Cie-Graine-de-Vie-2023.pdf\">La-Langue-des-Cygnes-Cie-Graine-de-Vie-2023<\/a><a href=\"http:\/\/compagniegrainedevie.fr\/wp-content\/uploads\/2023\/07\/La-Langue-des-Cygnes-Cie-Graine-de-Vie-2023.pdf\" class=\"wp-block-file__button wp-element-button\" download>T\u00e9l\u00e9charger<\/a><\/div>\n\n\n\n<p><\/p>\n\n\n\n<p><\/p>\n\n\n\n<p>REVUE DE PRESSE:<\/p>\n\n\n\n<div data-wp-interactive=\"core\/file\" class=\"wp-block-file\"><object data-wp-bind--hidden=\"!state.hasPdfPreview\"  class=\"wp-block-file__embed\" data=\"http:\/\/compagniegrainedevie.fr\/wp-content\/uploads\/2023\/11\/Revue-de-Presse-La-Langue-des-Cygnes-numerote.pdf\" type=\"application\/pdf\" style=\"width:100%;height:600px\" aria-label=\"Contenu embarqu\u00e9 Revue de Presse - La Langue des Cygnes (num\u00e9rot\u00e9).\"><\/object><a href=\"http:\/\/compagniegrainedevie.fr\/wp-content\/uploads\/2023\/11\/Revue-de-Presse-La-Langue-des-Cygnes-numerote.pdf\">Revue de Presse &#8211; La Langue des Cygnes (num\u00e9rot\u00e9)<\/a><a href=\"http:\/\/compagniegrainedevie.fr\/wp-content\/uploads\/2023\/11\/Revue-de-Presse-La-Langue-des-Cygnes-numerote.pdf\" class=\"wp-block-file__button wp-element-button\" download>T\u00e9l\u00e9charger<\/a><\/div>\n\n\n\n<p><\/p>\n\n\n\n<p>FICHE TECHNIQUE G\u00c9N\u00c9RIQUE:<\/p>\n\n\n\n<div data-wp-interactive=\"core\/file\" class=\"wp-block-file\"><object data-wp-bind--hidden=\"!state.hasPdfPreview\"  class=\"wp-block-file__embed\" data=\"http:\/\/compagniegrainedevie.fr\/wp-content\/uploads\/2023\/09\/Fiche-tech-LdC-09.2023.pdf\" type=\"application\/pdf\" style=\"width:100%;height:600px\" aria-label=\"Contenu embarqu\u00e9 Fiche-tech-LdC-09.2023.\"><\/object><a href=\"http:\/\/compagniegrainedevie.fr\/wp-content\/uploads\/2023\/09\/Fiche-tech-LdC-09.2023.pdf\">Fiche-tech-LdC-09.2023<\/a><a href=\"http:\/\/compagniegrainedevie.fr\/wp-content\/uploads\/2023\/09\/Fiche-tech-LdC-09.2023.pdf\" class=\"wp-block-file__button wp-element-button\" download>T\u00e9l\u00e9charger<\/a><\/div>\n\n\n\n<p><\/p>\n\n\n\n<p><strong>COUPURES DE PRESSE :<\/strong><\/p>\n\n\n\n<p>LE MONDE :<\/p>\n\n\n\n<p>&lt;&lt; De ce m\u00e9lange de discipline na\u00eet un spectacle d\u2019une grande po\u00e9sie, quasiment sans paroles, fond\u00e9 uniquement sur la puissance des images et l\u2019expressivit\u00e9 des corps&gt;&gt;<\/p>\n\n\n\n<p>&lt;&lt;La marionnettiste et metteuse en sc\u00e8ne, qui tire dans l\u2019ombre les fils de l\u2019histoire, [\u2026] rejoint son complice de cr\u00e9ation, Andy Scott Ngoua, pour un virtuose num\u00e9ro de danse et marionnette.&gt;&gt;<\/p>\n\n\n\n<p>&nbsp;FOGGY\u2019S DELIGHT :<\/p>\n\n\n\n<p>&lt;&lt;Comme toujours quand on est dans le domaine de la marionnette, on pourra s\u2019interroger sur la r\u00e9sonnance de ce spectacle aupr\u00e8s des plus jeunes et l\u2019on conclura qu\u2019ils sont tr\u00e8s r\u00e9ceptifs aux changements de jeu du h\u00e9ros, qu\u2019ils comprennent tr\u00e8s bien l\u2019argument choisit par Laurie Cannac et fonctionnent \u00e0 tous les effets, m\u00eame aux d\u00e9calages entre langue visuelle et langue des signes.&gt;&gt;<\/p>\n\n\n\n<p>FOGGY\u2019S DELIGHT :<\/p>\n\n\n\n<p>&lt;&lt; Simple dans son propos, \u00e9vident dans sa forme, le spectacle de Laurie Cannac va emporter ceux qui le regarderont dans une autre dimension, un monde parall\u00e8le de r\u00eave, de beaut\u00e9 et de po\u00e9sie\u2026 et contribuer \u00e0 faire comprendre \u00e0 ceux qui l\u2019ignoraient encore que, d\u00e9sormais, le th\u00e9\u00e2tre de marionnettes a gagn\u00e9 ses galons d\u2019art \u00e0 part enti\u00e8re, qui peut, d\u00e8s lors, produire de grandes \u0153uvres qui gagneront \u00e0 \u00eatre vues et revues autant que des spectacles de danse ou ballet.&gt;&gt;<\/p>\n\n\n\n<p>ARTS-CHIPELS.FR :<\/p>\n\n\n\n<p>&lt;&lt;[\u2026]ce spectacle attachant, qui navigue \u00e0 la frange de l\u2019onirisme[\u2026]est un vibrant plaidoyer pour la reconnaissance des diff\u00e9rences en m\u00eame temps qu\u2019une affirmation et une reconqu\u00eate de la diff\u00e9rence assum\u00e9e.&gt;&gt;<\/p>\n\n\n\n<p>SUR LES PLANCHES :<\/p>\n\n\n\n<p>\u00ab Laurie Cannac a cr\u00e9\u00e9 un objet th\u00e9\u00e2tral sublime o\u00f9 l\u2019humanit\u00e9 rencontre la po\u00e9sie. Ce spectacle contient dans son ADN une assise philosophique s\u2019appliquant \u00e0 chacun d\u2019entre nous. \u00bb<\/p>\n\n\n\n<p>TRANSFUGE (Pr\u00e9-repr\u00e9sentation):<\/p>\n\n\n\n<p>&lt;&lt;Un \u00e9veil des sens et du c\u0153ur pour faire entendre le chant sensible et silencieux du cygne.&gt;&gt;<\/p>\n\n\n\n<p>TRANSFUGE (critique) :<\/p>\n\n\n\n<p>&lt;&lt;La Compagnie Graine de Vie compose un spectacle d\u00e9licat et inspir\u00e9, empruntant autant \u00e0 la danse, qu\u2019\u00e0 la Langue des signes, pour r\u00e9inventer le conte. [\u2026] La Langues des Cygnes se veut un r\u00eave aux confins du monde des malentendants, et du n\u00f4tre. &gt;&gt;<\/p>\n\n\n\n<p>ZONE CRITIQUE :<\/p>\n\n\n\n<p>&lt;&lt;Avec La Langue des Cygnes, Laurie Cannac propose une version in\u00e9dite du Vilain Petit Canard d\u2019Andersen. Dans cette adaptation bilingue fran\u00e7ais et Langue des signes soutenue par l\u2019International Visual Theatre, on suit le chemin de de r\u00e9silience du caneton le plus mal-aim\u00e9 de la basse-cour jusqu\u2019\u00e0 son envol vers la sublimation de sa nature. Un voyage initiatique qui m\u00eale danse, marionnette et musique dans fusion po\u00e9tique envo\u00fbtante.&gt;&gt;<\/p>\n\n\n\n<p>ZONE CRITIQUE :<\/p>\n\n\n\n<p>&lt;&lt; Et la magie op\u00e8re. Seulement, au lieu d\u2019une fascination aveugle pour la parole divine d\u2019un conteur [\u2026], c\u2019est au conte de porter la tradition orale dans l\u2019expressivit\u00e9 d\u2019une langue &#8211; qu\u2019\u00e0 ma grande surprise \u2013 je comprends sans la conna\u00eetre [\u2026]. La parole-geste, plus que jamais performative, fait alors na\u00eetre la f\u00e9\u00e9rie.&gt;&gt; FOGGY\u2019S DELIGHT :<\/p>\n\n\n\n<p>&lt;&lt;Andy Scott Ngoua est accompagn\u00e9 dans sa danse solitaire par Adri Sergent, subtil multimusicien, m\u00ealant m\u00e9lodies traditionnelles et sons contemporains.&gt;&gt;<\/p>\n\n\n\n<p>ARTEFAKE :<\/p>\n\n\n\n<p>&lt;&lt;Ici, c\u2019est une sorte de savante composition de th\u00e9\u00e2tre d\u2019ombres, image vid\u00e9o, hip hop, danse contemporaine occidentale et africaine, musique d\u2019Adri Sergent [\u2026] et de Koba Building, mais aussi et surtout de marionnettes comme on voit rarement. \u201d<\/p>\n\n\n\n<p>TOUTE LA CULTURE :<\/p>\n\n\n\n<p>&lt;&lt; On ne saurait plus dire [\u2026] si cela tient davantage de la danse ou de la marionnette. C\u2019est le sens de toute l\u2019\u00e9criture sc\u00e9nique de ce spectacle, que de r\u00e9ussir \u00e0 m\u00e9langer les diff\u00e9rents langages, dans une harmonie et une fluidit\u00e9 qui les lie dans un tout qui d\u00e9passe la somme de ses parties. \u201d<\/p>\n\n\n\n<p>TOUTE LA CULTURE :<\/p>\n\n\n\n<p>&lt;&lt;Au final, la possibilit\u00e9 est offerte \u00e0 chaque membre du public de r\u00e9interpr\u00e9ter les p\u00e9rip\u00e9ties du r\u00e9cit, et d\u2019y projeter des choses personnelles : l\u2019\u00e9tat \u00e9motionnel du danseur est clair et guide le sens, mais chacun.e peut y voir ses propres \u00e9preuves, et son propre chemin de maturation.\u201d<\/p>\n\n\n\n<p>Culture Blog SNES :<\/p>\n\n\n\n<p>&lt;&lt; Tout parle et rien ne tient discours, le spectacle glisse sur sc\u00e8ne avec \u00e9l\u00e9gance. Tout fait signe et cygne \u00e0 commencer par ces grandes plumes d\u00e9ploy\u00e9es en gestes souples. Tout est beaut\u00e9, sans luxe mais avec volupt\u00e9 et volutes. Le mariage du jeu avec des marionnettes manipul\u00e9es par Laurie Cannac ainsi que par le danseur et chor\u00e9graphe Andy Scott Ngoua avec lequel l\u2019autrice inaugure un duo, cr\u00e9e un univers surr\u00e9el. Cette charni\u00e8re ouvre \u00e0 un troisi\u00e8me langage, celui d\u2019une po\u00e9sie associant gestes cod\u00e9s et sons articul\u00e9s en images insolites et parlant d\u2019elles-m\u00eames.&gt;&gt;<\/p>\n\n\n\n<p><\/p>\n\n\n\n<p><\/p>\n\n\n\n<figure class=\"wp-block-video\"><video controls src=\"http:\/\/compagniegrainedevie.fr\/wp-content\/uploads\/2022\/01\/1ere-residence-de-la-Langue-des-Cygnes-1.mp4\"><\/video><figcaption class=\"wp-element-caption\">Premiers jours de r\u00e9sidence de la Langue des Cygnes: Vid\u00e9o de Fabien Guillermont.<\/figcaption><\/figure>\n\n\n\n<p><em>NB: Le processus de cr\u00e9ation de La Langue des Cygnes sera suivie par le cin\u00e9aste <a rel=\"noreferrer noopener\" href=\"http:\/\/fabienguillermont.com\/\" target=\"_blank\"><strong>Fabien Guillermont<\/strong><\/a> qui l&rsquo;integre dans son documentaire \u00a0\u00bbLe Lac des Signes\u00a0\u00bb traitant de la culture sourde. Sortie pr\u00e9vue en 2027.<\/em><\/p>\n","protected":false},"excerpt":{"rendered":"<p>\u00ab\u00a0La Langue des Cygnes\u00a0\u00bb (Cr\u00e9ation 2023) Spectacle de haute vol\u00e9e ! Un danseur et une marionnettiste fusionnent leurs arts pour raconter, presque sans mots leur propre histoire, celle de leurs doutes de vilains petits canards m\u00e9tamorphos\u00e9s en r\u00eaves de cygnes. A tire d&rsquo;aile. Leur envol a soulev\u00e9 de terre d&rsquo;autres inspirations : celles d&rsquo;une conteuse &hellip; <\/p>\n<p class=\"link-more\"><a href=\"https:\/\/compagniegrainedevie.fr\/?page_id=291\" class=\"more-link\">Continuer la lecture<span class=\"screen-reader-text\"> de &laquo;&nbsp;La Langue des Cygnes &#8211; En Salle &#8211; En Tourn\u00e9e&nbsp;&raquo;<\/span><\/a><\/p>\n","protected":false},"author":1,"featured_media":0,"parent":2,"menu_order":1,"comment_status":"closed","ping_status":"closed","template":"","meta":{"footnotes":""},"_links":{"self":[{"href":"https:\/\/compagniegrainedevie.fr\/index.php?rest_route=\/wp\/v2\/pages\/291"}],"collection":[{"href":"https:\/\/compagniegrainedevie.fr\/index.php?rest_route=\/wp\/v2\/pages"}],"about":[{"href":"https:\/\/compagniegrainedevie.fr\/index.php?rest_route=\/wp\/v2\/types\/page"}],"author":[{"embeddable":true,"href":"https:\/\/compagniegrainedevie.fr\/index.php?rest_route=\/wp\/v2\/users\/1"}],"replies":[{"embeddable":true,"href":"https:\/\/compagniegrainedevie.fr\/index.php?rest_route=%2Fwp%2Fv2%2Fcomments&post=291"}],"version-history":[{"count":66,"href":"https:\/\/compagniegrainedevie.fr\/index.php?rest_route=\/wp\/v2\/pages\/291\/revisions"}],"predecessor-version":[{"id":844,"href":"https:\/\/compagniegrainedevie.fr\/index.php?rest_route=\/wp\/v2\/pages\/291\/revisions\/844"}],"up":[{"embeddable":true,"href":"https:\/\/compagniegrainedevie.fr\/index.php?rest_route=\/wp\/v2\/pages\/2"}],"wp:attachment":[{"href":"https:\/\/compagniegrainedevie.fr\/index.php?rest_route=%2Fwp%2Fv2%2Fmedia&parent=291"}],"curies":[{"name":"wp","href":"https:\/\/api.w.org\/{rel}","templated":true}]}}